{"id":10615,"date":"2024-07-30T09:33:46","date_gmt":"2024-07-30T07:33:46","guid":{"rendered":"https:\/\/adrprojects.com\/publicaciones-1\/casa-viva-des-espaces-vivants-et-la-puissance-de-la-nature\/"},"modified":"2025-05-30T14:04:46","modified_gmt":"2025-05-30T12:04:46","slug":"casa-viva-des-espaces-vivants-et-la-puissance-de-la-nature","status":"publish","type":"publicaciones-1","link":"https:\/\/adrprojects.com\/fr\/publicaciones-1\/casa-viva-des-espaces-vivants-et-la-puissance-de-la-nature\/","title":{"rendered":"Casa Viva. Des espaces vivants et la puissance de la nature."},"content":{"rendered":"","protected":false},"excerpt":{"rendered":"<p>L\u2019architecture de la Villa Melux est intrins\u00e8quement li\u00e9e \u00e0 son environnement naturel cr\u00e9ant un sanctuaire de tranquillit\u00e9 et de s\u00e9r\u00e9nit\u00e9 qui invite \u00e0 la r\u00e9flexion et au repos. Chaque d\u00e9tail refl\u00e8te un engagement envers la beaut\u00e9 et l\u2019harmonie.<\/p>\n","protected":false},"author":1,"featured_media":10617,"menu_order":0,"template":"","format":"standard","meta":{"_acf_changed":false,"footnotes":""},"categories":[],"tags":[],"class_list":["post-10615","publicaciones-1","type-publicaciones-1","status-publish","format-standard","has-post-thumbnail","hentry"],"acf":{"pdf_file":10616},"yoast_head":"<!-- This site is optimized with the Yoast SEO plugin v27.4 - https:\/\/yoast.com\/product\/yoast-seo-wordpress\/ -->\n<title>Casa Viva. Des espaces vivants et la puissance de la nature. - ADR Projects<\/title>\n<meta name=\"robots\" content=\"index, follow, max-snippet:-1, max-image-preview:large, max-video-preview:-1\" \/>\n<link rel=\"canonical\" href=\"https:\/\/adrprojects.com\/fr\/publicaciones-1\/casa-viva-des-espaces-vivants-et-la-puissance-de-la-nature\/\" \/>\n<meta property=\"og:locale\" content=\"fr_FR\" \/>\n<meta property=\"og:type\" content=\"article\" \/>\n<meta property=\"og:title\" content=\"Casa Viva. Des espaces vivants et la puissance de la nature. - ADR Projects\" \/>\n<meta property=\"og:description\" content=\"L\u2019architecture de la Villa Melux est intrins\u00e8quement li\u00e9e \u00e0 son environnement naturel cr\u00e9ant un sanctuaire de tranquillit\u00e9 et de s\u00e9r\u00e9nit\u00e9 qui invite \u00e0 la r\u00e9flexion et au repos. Chaque d\u00e9tail refl\u00e8te un engagement envers la beaut\u00e9 et l\u2019harmonie.\" \/>\n<meta property=\"og:url\" content=\"https:\/\/adrprojects.com\/fr\/publicaciones-1\/casa-viva-des-espaces-vivants-et-la-puissance-de-la-nature\/\" \/>\n<meta property=\"og:site_name\" content=\"ADR Projects\" \/>\n<meta property=\"article:modified_time\" content=\"2025-05-30T12:04:46+00:00\" \/>\n<meta property=\"og:image\" content=\"https:\/\/adrprojects.com\/wp-content\/uploads\/2024\/07\/Casa-Viva.-Espacios-con-vida-y-el-poder-de-lo-natural.webp\" \/>\n\t<meta property=\"og:image:width\" content=\"976\" \/>\n\t<meta property=\"og:image:height\" content=\"1296\" \/>\n\t<meta property=\"og:image:type\" content=\"image\/webp\" \/>\n<meta name=\"twitter:card\" content=\"summary_large_image\" \/>\n<script type=\"application\/ld+json\" class=\"yoast-schema-graph\">{\"@context\":\"https:\\\/\\\/schema.org\",\"@graph\":[{\"@type\":\"WebPage\",\"@id\":\"https:\\\/\\\/adrprojects.com\\\/fr\\\/publicaciones-1\\\/casa-viva-des-espaces-vivants-et-la-puissance-de-la-nature\\\/\",\"url\":\"https:\\\/\\\/adrprojects.com\\\/fr\\\/publicaciones-1\\\/casa-viva-des-espaces-vivants-et-la-puissance-de-la-nature\\\/\",\"name\":\"Casa Viva. Des espaces vivants et la puissance de la nature. - ADR Projects\",\"isPartOf\":{\"@id\":\"https:\\\/\\\/adrprojects.com\\\/fr\\\/#website\"},\"primaryImageOfPage\":{\"@id\":\"https:\\\/\\\/adrprojects.com\\\/fr\\\/publicaciones-1\\\/casa-viva-des-espaces-vivants-et-la-puissance-de-la-nature\\\/#primaryimage\"},\"image\":{\"@id\":\"https:\\\/\\\/adrprojects.com\\\/fr\\\/publicaciones-1\\\/casa-viva-des-espaces-vivants-et-la-puissance-de-la-nature\\\/#primaryimage\"},\"thumbnailUrl\":\"https:\\\/\\\/adrprojects.com\\\/wp-content\\\/uploads\\\/2024\\\/07\\\/Casa-Viva.-Espacios-con-vida-y-el-poder-de-lo-natural.webp\",\"datePublished\":\"2024-07-30T07:33:46+00:00\",\"dateModified\":\"2025-05-30T12:04:46+00:00\",\"breadcrumb\":{\"@id\":\"https:\\\/\\\/adrprojects.com\\\/fr\\\/publicaciones-1\\\/casa-viva-des-espaces-vivants-et-la-puissance-de-la-nature\\\/#breadcrumb\"},\"inLanguage\":\"fr-FR\",\"potentialAction\":[{\"@type\":\"ReadAction\",\"target\":[\"https:\\\/\\\/adrprojects.com\\\/fr\\\/publicaciones-1\\\/casa-viva-des-espaces-vivants-et-la-puissance-de-la-nature\\\/\"]}]},{\"@type\":\"ImageObject\",\"inLanguage\":\"fr-FR\",\"@id\":\"https:\\\/\\\/adrprojects.com\\\/fr\\\/publicaciones-1\\\/casa-viva-des-espaces-vivants-et-la-puissance-de-la-nature\\\/#primaryimage\",\"url\":\"https:\\\/\\\/adrprojects.com\\\/wp-content\\\/uploads\\\/2024\\\/07\\\/Casa-Viva.-Espacios-con-vida-y-el-poder-de-lo-natural.webp\",\"contentUrl\":\"https:\\\/\\\/adrprojects.com\\\/wp-content\\\/uploads\\\/2024\\\/07\\\/Casa-Viva.-Espacios-con-vida-y-el-poder-de-lo-natural.webp\",\"width\":976,\"height\":1296},{\"@type\":\"BreadcrumbList\",\"@id\":\"https:\\\/\\\/adrprojects.com\\\/fr\\\/publicaciones-1\\\/casa-viva-des-espaces-vivants-et-la-puissance-de-la-nature\\\/#breadcrumb\",\"itemListElement\":[{\"@type\":\"ListItem\",\"position\":1,\"name\":\"Inicio\",\"item\":\"https:\\\/\\\/adrprojects.com\\\/fr\\\/\"},{\"@type\":\"ListItem\",\"position\":2,\"name\":\"Publicaciones\",\"item\":\"https:\\\/\\\/adrprojects.com\\\/fr\\\/publicaciones-1\\\/\"},{\"@type\":\"ListItem\",\"position\":3,\"name\":\"Casa Viva. Des espaces vivants et la puissance de la nature.\"}]},{\"@type\":\"WebSite\",\"@id\":\"https:\\\/\\\/adrprojects.com\\\/fr\\\/#website\",\"url\":\"https:\\\/\\\/adrprojects.com\\\/fr\\\/\",\"name\":\"ADR Projects\",\"description\":\"Creamos espacios para una vida con pasi\u00f3n, libertad y comodidad.\",\"publisher\":{\"@id\":\"https:\\\/\\\/adrprojects.com\\\/fr\\\/#organization\"},\"alternateName\":\"Organic Cotton Colours\",\"potentialAction\":[{\"@type\":\"SearchAction\",\"target\":{\"@type\":\"EntryPoint\",\"urlTemplate\":\"https:\\\/\\\/adrprojects.com\\\/fr\\\/?s={search_term_string}\"},\"query-input\":{\"@type\":\"PropertyValueSpecification\",\"valueRequired\":true,\"valueName\":\"search_term_string\"}}],\"inLanguage\":\"fr-FR\"},{\"@type\":\"Organization\",\"@id\":\"https:\\\/\\\/adrprojects.com\\\/fr\\\/#organization\",\"name\":\"ADR Projects\",\"url\":\"https:\\\/\\\/adrprojects.com\\\/fr\\\/\",\"logo\":{\"@type\":\"ImageObject\",\"inLanguage\":\"fr-FR\",\"@id\":\"https:\\\/\\\/adrprojects.com\\\/fr\\\/#\\\/schema\\\/logo\\\/image\\\/\",\"url\":\"https:\\\/\\\/adrprojects.com\\\/wp-content\\\/uploads\\\/2023\\\/12\\\/favicon-negre.svg\",\"contentUrl\":\"https:\\\/\\\/adrprojects.com\\\/wp-content\\\/uploads\\\/2023\\\/12\\\/favicon-negre.svg\",\"width\":124,\"height\":124,\"caption\":\"ADR Projects\"},\"image\":{\"@id\":\"https:\\\/\\\/adrprojects.com\\\/fr\\\/#\\\/schema\\\/logo\\\/image\\\/\"},\"sameAs\":[\"https:\\\/\\\/www.instagram.com\\\/adrprojects\\\/\",\"https:\\\/\\\/www.linkedin.com\\\/in\\\/adr-projects-b8a4951a6\\\/\"]}]}<\/script>\n<!-- \/ Yoast SEO plugin. -->","yoast_head_json":{"title":"Casa Viva. Des espaces vivants et la puissance de la nature. - ADR Projects","robots":{"index":"index","follow":"follow","max-snippet":"max-snippet:-1","max-image-preview":"max-image-preview:large","max-video-preview":"max-video-preview:-1"},"canonical":"https:\/\/adrprojects.com\/fr\/publicaciones-1\/casa-viva-des-espaces-vivants-et-la-puissance-de-la-nature\/","og_locale":"fr_FR","og_type":"article","og_title":"Casa Viva. Des espaces vivants et la puissance de la nature. - ADR Projects","og_description":"L\u2019architecture de la Villa Melux est intrins\u00e8quement li\u00e9e \u00e0 son environnement naturel cr\u00e9ant un sanctuaire de tranquillit\u00e9 et de s\u00e9r\u00e9nit\u00e9 qui invite \u00e0 la r\u00e9flexion et au repos. Chaque d\u00e9tail refl\u00e8te un engagement envers la beaut\u00e9 et l\u2019harmonie.","og_url":"https:\/\/adrprojects.com\/fr\/publicaciones-1\/casa-viva-des-espaces-vivants-et-la-puissance-de-la-nature\/","og_site_name":"ADR Projects","article_modified_time":"2025-05-30T12:04:46+00:00","og_image":[{"width":976,"height":1296,"url":"https:\/\/adrprojects.com\/wp-content\/uploads\/2024\/07\/Casa-Viva.-Espacios-con-vida-y-el-poder-de-lo-natural.webp","type":"image\/webp"}],"twitter_card":"summary_large_image","schema":{"@context":"https:\/\/schema.org","@graph":[{"@type":"WebPage","@id":"https:\/\/adrprojects.com\/fr\/publicaciones-1\/casa-viva-des-espaces-vivants-et-la-puissance-de-la-nature\/","url":"https:\/\/adrprojects.com\/fr\/publicaciones-1\/casa-viva-des-espaces-vivants-et-la-puissance-de-la-nature\/","name":"Casa Viva. Des espaces vivants et la puissance de la nature. - ADR Projects","isPartOf":{"@id":"https:\/\/adrprojects.com\/fr\/#website"},"primaryImageOfPage":{"@id":"https:\/\/adrprojects.com\/fr\/publicaciones-1\/casa-viva-des-espaces-vivants-et-la-puissance-de-la-nature\/#primaryimage"},"image":{"@id":"https:\/\/adrprojects.com\/fr\/publicaciones-1\/casa-viva-des-espaces-vivants-et-la-puissance-de-la-nature\/#primaryimage"},"thumbnailUrl":"https:\/\/adrprojects.com\/wp-content\/uploads\/2024\/07\/Casa-Viva.-Espacios-con-vida-y-el-poder-de-lo-natural.webp","datePublished":"2024-07-30T07:33:46+00:00","dateModified":"2025-05-30T12:04:46+00:00","breadcrumb":{"@id":"https:\/\/adrprojects.com\/fr\/publicaciones-1\/casa-viva-des-espaces-vivants-et-la-puissance-de-la-nature\/#breadcrumb"},"inLanguage":"fr-FR","potentialAction":[{"@type":"ReadAction","target":["https:\/\/adrprojects.com\/fr\/publicaciones-1\/casa-viva-des-espaces-vivants-et-la-puissance-de-la-nature\/"]}]},{"@type":"ImageObject","inLanguage":"fr-FR","@id":"https:\/\/adrprojects.com\/fr\/publicaciones-1\/casa-viva-des-espaces-vivants-et-la-puissance-de-la-nature\/#primaryimage","url":"https:\/\/adrprojects.com\/wp-content\/uploads\/2024\/07\/Casa-Viva.-Espacios-con-vida-y-el-poder-de-lo-natural.webp","contentUrl":"https:\/\/adrprojects.com\/wp-content\/uploads\/2024\/07\/Casa-Viva.-Espacios-con-vida-y-el-poder-de-lo-natural.webp","width":976,"height":1296},{"@type":"BreadcrumbList","@id":"https:\/\/adrprojects.com\/fr\/publicaciones-1\/casa-viva-des-espaces-vivants-et-la-puissance-de-la-nature\/#breadcrumb","itemListElement":[{"@type":"ListItem","position":1,"name":"Inicio","item":"https:\/\/adrprojects.com\/fr\/"},{"@type":"ListItem","position":2,"name":"Publicaciones","item":"https:\/\/adrprojects.com\/fr\/publicaciones-1\/"},{"@type":"ListItem","position":3,"name":"Casa Viva. Des espaces vivants et la puissance de la nature."}]},{"@type":"WebSite","@id":"https:\/\/adrprojects.com\/fr\/#website","url":"https:\/\/adrprojects.com\/fr\/","name":"ADR Projects","description":"Creamos espacios para una vida con pasi\u00f3n, libertad y comodidad.","publisher":{"@id":"https:\/\/adrprojects.com\/fr\/#organization"},"alternateName":"Organic Cotton Colours","potentialAction":[{"@type":"SearchAction","target":{"@type":"EntryPoint","urlTemplate":"https:\/\/adrprojects.com\/fr\/?s={search_term_string}"},"query-input":{"@type":"PropertyValueSpecification","valueRequired":true,"valueName":"search_term_string"}}],"inLanguage":"fr-FR"},{"@type":"Organization","@id":"https:\/\/adrprojects.com\/fr\/#organization","name":"ADR Projects","url":"https:\/\/adrprojects.com\/fr\/","logo":{"@type":"ImageObject","inLanguage":"fr-FR","@id":"https:\/\/adrprojects.com\/fr\/#\/schema\/logo\/image\/","url":"https:\/\/adrprojects.com\/wp-content\/uploads\/2023\/12\/favicon-negre.svg","contentUrl":"https:\/\/adrprojects.com\/wp-content\/uploads\/2023\/12\/favicon-negre.svg","width":124,"height":124,"caption":"ADR Projects"},"image":{"@id":"https:\/\/adrprojects.com\/fr\/#\/schema\/logo\/image\/"},"sameAs":["https:\/\/www.instagram.com\/adrprojects\/","https:\/\/www.linkedin.com\/in\/adr-projects-b8a4951a6\/"]}]}},"_links":{"self":[{"href":"https:\/\/adrprojects.com\/fr\/wp-json\/wp\/v2\/publicaciones-1\/10615","targetHints":{"allow":["GET"]}}],"collection":[{"href":"https:\/\/adrprojects.com\/fr\/wp-json\/wp\/v2\/publicaciones-1"}],"about":[{"href":"https:\/\/adrprojects.com\/fr\/wp-json\/wp\/v2\/types\/publicaciones-1"}],"author":[{"embeddable":true,"href":"https:\/\/adrprojects.com\/fr\/wp-json\/wp\/v2\/users\/1"}],"version-history":[{"count":1,"href":"https:\/\/adrprojects.com\/fr\/wp-json\/wp\/v2\/publicaciones-1\/10615\/revisions"}],"predecessor-version":[{"id":10630,"href":"https:\/\/adrprojects.com\/fr\/wp-json\/wp\/v2\/publicaciones-1\/10615\/revisions\/10630"}],"wp:featuredmedia":[{"embeddable":true,"href":"https:\/\/adrprojects.com\/fr\/wp-json\/wp\/v2\/media\/10617"}],"wp:attachment":[{"href":"https:\/\/adrprojects.com\/fr\/wp-json\/wp\/v2\/media?parent=10615"}],"wp:term":[{"taxonomy":"category","embeddable":true,"href":"https:\/\/adrprojects.com\/fr\/wp-json\/wp\/v2\/categories?post=10615"},{"taxonomy":"post_tag","embeddable":true,"href":"https:\/\/adrprojects.com\/fr\/wp-json\/wp\/v2\/tags?post=10615"}],"curies":[{"name":"wp","href":"https:\/\/api.w.org\/{rel}","templated":true}]}}